{"id":70,"date":"2024-04-10T10:14:55","date_gmt":"2024-04-10T10:14:55","guid":{"rendered":"https:\/\/centrum.olsztyn.pl\/?page_id=70"},"modified":"2026-01-06T12:26:01","modified_gmt":"2026-01-06T12:26:01","slug":"oferuje","status":"publish","type":"page","link":"https:\/\/centrum.olsztyn.pl\/index.php\/oferuje\/","title":{"rendered":"Oferuj\u0119 wsparcie psychologiczne"},"content":{"rendered":"\n<p class=\"has-large-font-size\"><strong><mark style=\"background-color:rgba(0, 0, 0, 0);color:#017b92\" class=\"has-inline-color\">Oferuj\u0119:<\/mark><\/strong><\/p>\n\n\n\n<ul class=\"wp-block-list\">\n<li><strong><mark style=\"background-color:rgba(0, 0, 0, 0);color:#017b92\" class=\"has-inline-color\">Konsultacje psychologiczne<\/mark> \u2013 skierowane do os\u00f3b potrzebuj\u0105cych szybkiej i skutecznej pomocy w konkretnej sytuacji, np. przy podejmowaniu wa\u017cnych decyzji \u017cyciowych (nauka, praca, zwi\u0105zek, rodzicielstwo), wypaleniu zawodowym, a tak\u017ce dla tych, kt\u00f3rzy chc\u0105 lepiej zrozumie\u0107 swoje zdrowie psychiczne lub potrzebuj\u0105 diagnozy.<\/strong><\/li>\n\n\n\n<li><strong><mark style=\"background-color:rgba(0, 0, 0, 0);color:#017b92\" class=\"has-inline-color\">Mediacje<\/mark> \u2013 pomoc w szukaniu porozumienia w trudnych sytuacjach i konfliktach<\/strong>.<\/li>\n\n\n\n<li><strong><mark style=\"background-color:rgba(0, 0, 0, 0);color:#017b92\" class=\"has-inline-color\">Terapi\u0119 ma\u0142\u017ce\u0144sk\u0105 oraz par<\/mark> \u2013 wsparcie dla par prze\u017cywaj\u0105cych kryzysy, maj\u0105cych problemy z komunikacj\u0105, zmagaj\u0105cych si\u0119 z napi\u0119ciem, trudnymi zmianami (np. narodziny dziecka, zmiana pracy, zdrada) lub chc\u0105cych odbudowa\u0107 wi\u0119\u017a i blisko\u015b\u0107.<\/strong><\/li>\n\n\n\n<li><strong><mark style=\"background-color:rgba(0, 0, 0, 0);color:#017b92\" class=\"has-inline-color\">Terapi\u0119 rodzinn\u0105<\/mark> \u2013 pomoc dla rodzin, w kt\u00f3rych pojawiaj\u0105 si\u0119 trudno\u015bci emocjonalne lub wychowawcze, problemy z komunikacj\u0105, kryzysy \u017cyciowe (np. \u015bmier\u0107 bliskiej osoby, choroba, utrata pracy), czy niepokoj\u0105ce zachowania dzieci i m\u0142odzie\u017cy.<\/strong><\/li>\n\n\n\n<li><strong><mark style=\"background-color:rgba(0, 0, 0, 0);color:#017b92\" class=\"has-inline-color\">Psychoterapi\u0119 indywidualn\u0105<\/mark> \u2013 kr\u00f3tkoterminow\u0105 &#8211; dla os\u00f3b, kt\u00f3re chc\u0105 poradzi\u0107 sobie z konkretnym problemem (zwykle 8-20 sesji) oraz d\u0142ugoterminow\u0105 &#8211; dla tych, kt\u00f3rzy pragn\u0105 g\u0142\u0119bszej i trwalszej zmiany w jako\u015bci swojego \u017cycia.<\/strong><\/li>\n<\/ul>\n\n\n\n<p><strong>Zapraszam do kontaktu &#8211; razem znajdziemy najlepsz\u0105 drog\u0119 do wsparcia i rozwoju!<\/strong><\/p>\n\n\n\n<p><\/p>\n","protected":false},"excerpt":{"rendered":"<p>Oferuj\u0119: Zapraszam do kontaktu &#8211; razem znajdziemy najlepsz\u0105 drog\u0119 do &hellip; <span class=\"more-button\"><a href=\"https:\/\/centrum.olsztyn.pl\/index.php\/oferuje\/\" class=\"more-link\">Czytaj dalej&#8230;<span class=\"screen-reader-text\">Oferuj\u0119 wsparcie psychologiczne<\/span><\/a><\/span><\/p>\n","protected":false},"author":1,"featured_media":0,"parent":0,"menu_order":0,"comment_status":"closed","ping_status":"closed","template":"","meta":{"footnotes":""},"class_list":["post-70","page","type-page","status-publish","hentry"],"_links":{"self":[{"href":"https:\/\/centrum.olsztyn.pl\/index.php\/wp-json\/wp\/v2\/pages\/70","targetHints":{"allow":["GET"]}}],"collection":[{"href":"https:\/\/centrum.olsztyn.pl\/index.php\/wp-json\/wp\/v2\/pages"}],"about":[{"href":"https:\/\/centrum.olsztyn.pl\/index.php\/wp-json\/wp\/v2\/types\/page"}],"author":[{"embeddable":true,"href":"https:\/\/centrum.olsztyn.pl\/index.php\/wp-json\/wp\/v2\/users\/1"}],"replies":[{"embeddable":true,"href":"https:\/\/centrum.olsztyn.pl\/index.php\/wp-json\/wp\/v2\/comments?post=70"}],"version-history":[{"count":5,"href":"https:\/\/centrum.olsztyn.pl\/index.php\/wp-json\/wp\/v2\/pages\/70\/revisions"}],"predecessor-version":[{"id":236,"href":"https:\/\/centrum.olsztyn.pl\/index.php\/wp-json\/wp\/v2\/pages\/70\/revisions\/236"}],"wp:attachment":[{"href":"https:\/\/centrum.olsztyn.pl\/index.php\/wp-json\/wp\/v2\/media?parent=70"}],"curies":[{"name":"wp","href":"https:\/\/api.w.org\/{rel}","templated":true}]}}